{"id":13,"date":"2016-07-13T19:35:12","date_gmt":"2016-07-13T18:35:12","guid":{"rendered":"http:\/\/www.festivals.be\/festivals-belgique\/?page_id=13"},"modified":"2024-12-06T11:30:20","modified_gmt":"2024-12-06T10:30:20","slug":"festivals","status":"publish","type":"page","link":"https:\/\/www.festivals.be\/festivals-belgique\/festivals\/","title":{"rendered":"Festivals"},"content":{"rendered":"\n<h2 class=\"wp-block-heading\">Tous les festivals en Belgique.<\/h2>\n\n\n\n<p><a href=\"http:\/\/www.festivals.be\/festivals-belgique\/\" title=\"Agenda des festivals en Belgique\">Agenda des festivals en Belgique<\/a><\/p>\n\n\n\n<ul class=\"wp-block-list\">\n<li>Senneffe&nbsp;<\/li>\n\n\n\n<li>Waterlol&nbsp;<\/li>\n\n\n\n<li>Rock system&nbsp;<\/li>\n\n\n\n<li>Un festival&nbsp;<\/li>\n\n\n\n<li>Belzik&nbsp;<\/li>\n\n\n\n<li>Listen&nbsp;<\/li>\n\n\n\n<li>La smalla&nbsp;<\/li>\n\n\n\n<li>Avril en ville&nbsp;<\/li>\n\n\n\n<li>Confluent jazz festival&nbsp;<\/li>\n\n\n\n<li>Forest Sounds&nbsp;<\/li>\n\n\n\n<li>Kikk&nbsp;<\/li>\n\n\n\n<li>Into the blue&nbsp;<\/li>\n\n\n\n<li>Vibrations \u00e0 Malmedy<\/li>\n\n\n\n<li>Le refuge&nbsp;<\/li>\n\n\n\n<li>Fiestacity verviers&nbsp;<\/li>\n\n\n\n<li>Brdcst &#8211; broadcast \u00e0 l&rsquo; Ancienne Belgique&nbsp;<\/li>\n\n\n\n<li>Le jour le plus court&nbsp;<\/li>\n\n\n\n<li>A film ouvert&nbsp;<\/li>\n\n\n\n<li>Festival XS &#8211; festival de th\u00e9\u00e2tre<\/li>\n\n\n\n<li>Festival \u00c9mulation &#8211; th\u00e9\u00e2tre \u00e0 Li\u00e8ge<\/li>\n\n\n\n<li>Caravane du court&nbsp;<\/li>\n\n\n\n<li>Ramdam&nbsp;<\/li>\n\n\n\n<li>Much festival \u00e0 Waterloo&nbsp;<\/li>\n\n\n\n<li>Carolus V festival&nbsp;<\/li>\n\n\n\n<li>So happy festival&nbsp;<\/li>\n\n\n\n<li>Made in Asia&nbsp;<\/li>\n\n\n\n<li>Quai 10 festival&nbsp;<\/li>\n\n\n\n<li>Klara festival&nbsp;<\/li>\n\n\n\n<li>Sur mars &#8211; surmars.be <\/li>\n\n\n\n<li>Festival de l&rsquo;\u00e9rotisme&nbsp;<\/li>\n\n\n\n<li>Milenium&nbsp;<\/li>\n\n\n\n<li>Rocknation&nbsp;<\/li>\n\n\n\n<li>Saint Louis festival&nbsp;<\/li>\n\n\n\n<li>Festival international de guitare de Bruxelles&nbsp;<\/li>\n\n\n\n<li>Ita rock \u00e0 Li\u00e8ge&nbsp;<\/li>\n\n\n\n<li>Bozar night&nbsp;<\/li>\n\n\n\n<li>Festival international du film policier de Li\u00e8ge&nbsp;<\/li>\n\n\n\n<li>Festival international du rire de Rochefort<\/li>\n\n\n\n<li>Holi colors \u00e0 Alleur&nbsp;<\/li>\n\n\n\n<li>Brussels Short Film Festival&nbsp;<\/li>\n\n\n\n<li>Maanrock&nbsp;<\/li>\n\n\n\n<li>Festival international Les Brigittines<\/li>\n\n\n\n<li>Gordel festival<\/li>\n\n\n\n<li>BXL beer fest<\/li>\n\n\n\n<li>Forest Sound Festival&nbsp;<\/li>\n\n\n\n<li>Rising moon festival&nbsp;<\/li>\n\n\n\n<li>Nuits sonores&nbsp;<\/li>\n\n\n\n<li>Des kites survolent les quais&nbsp;<\/li>\n\n\n\n<li>Waterloo historical film festival&nbsp;<\/li>\n\n\n\n<li>Nature Namur<\/li>\n\n\n\n<li>BEM Festival : Brussels Electronic Marathon&nbsp;<\/li>\n\n\n\n<li>Fly away&nbsp;<\/li>\n\n\n\n<li>Mons street festival&nbsp;<\/li>\n\n\n\n<li>Cin\u00e9ma m\u00e9diterran\u00e9en de Bruxelles&nbsp;<\/li>\n\n\n\n<li>Schiev festival<\/li>\n\n\n\n<li>Brussels art film festival&nbsp;<\/li>\n\n\n\n<li>La ferme&nbsp;<\/li>\n\n\n\n<li>Passa porta<\/li>\n\n\n\n<li>Hopla!<\/li>\n\n\n\n<li>Balkan trafic&nbsp;<\/li>\n\n\n\n<li>Aralunaires&nbsp;<\/li>\n\n\n\n<li>Festival international du film policier de Li\u00e8ge&nbsp;<\/li>\n\n\n\n<li>Nuit des ch\u0153urs&nbsp;<\/li>\n\n\n\n<li>We can dance \u00e0 Zeebruges&nbsp;<\/li>\n\n\n\n<li>Festinam&nbsp;<\/li>\n\n\n\n<li>GXII festival P.A.R.T.S. Danse&nbsp;<\/li>\n\n\n\n<li>Royal festival de spa&nbsp;<\/li>\n\n\n\n<li>Francofaune&nbsp;<\/li>\n\n\n\n<li>Yes 2 day land&nbsp;<\/li>\n\n\n\n<li>Sc\u00e8ne sur Sambre<\/li>\n\n\n\n<li>Brussels game festival&nbsp;<\/li>\n\n\n\n<li>Nuit des choeurs&nbsp;<\/li>\n\n\n\n<li>C\u00f4t\u00e9 cour \u00e0 Bastogne<\/li>\n\n\n\n<li>Out of the books&nbsp;<\/li>\n\n\n\n<li>Saint jazz&nbsp;<\/li>\n\n\n\n<li>Festival maintenant&nbsp;<\/li>\n\n\n\n<li>Musique 3<\/li>\n\n\n\n<li>Le refuge&nbsp;<\/li>\n\n\n\n<li>Les une fois d\u2019un soir&nbsp;<\/li>\n\n\n\n<li>Jam\u2019in jette indoor&nbsp;<\/li>\n\n\n\n<li>Werchter boutique<\/li>\n\n\n\n<li>Werchter boutique pop-up<\/li>\n\n\n\n<li>Les nuits du Soir<\/li>\n\n\n\n<li>Lol festival<\/li>\n\n\n\n<li>Festival des libert\u00e9s&nbsp;<\/li>\n\n\n\n<li>Waterlol<\/li>\n\n\n\n<li>Waterloo historical film festival&nbsp;<\/li>\n\n\n\n<li>Pure on stage&nbsp;<\/li>\n\n\n\n<li>Picture festival<\/li>\n\n\n\n<li>Listen festival&nbsp;<\/li>\n\n\n\n<li>Pink screen&nbsp;<\/li>\n\n\n\n<li>BAFF &#8211; Brussels art film festival&nbsp;<\/li>\n\n\n\n<li>Le jour le plus court<\/li>\n\n\n\n<li>Festival du film m\u00e9diterran\u00e9en&nbsp;<\/li>\n\n\n\n<li>Are you series ?<\/li>\n\n\n\n<li>River jazz festival&nbsp;<\/li>\n\n\n\n<li>Brussels jazz festival&nbsp;<\/li>\n\n\n\n<li>Ramdam Tournai<\/li>\n\n\n\n<li>Festival international du rire de Li\u00e8ge&nbsp;<\/li>\n\n\n\n<li>Elles tournent&nbsp;<\/li>\n\n\n\n<li>Paroles d\u2019hommes&nbsp;<\/li>\n\n\n\n<li>Brussels podcast festival&nbsp;<\/li>\n\n\n\n<li>Festival Lezarts danses urbaines<\/li>\n\n\n\n<li>Klara festival<\/li>\n\n\n\n<li>Rire ensemble&nbsp;<\/li>\n\n\n\n<li>Alimenterre&nbsp;<\/li>\n\n\n\n<li>Filem\u2019on&nbsp;<\/li>\n\n\n\n<li>Cinemamed&nbsp;<\/li>\n\n\n\n<li>Soif d\u2019id\u00e9al<\/li>\n\n\n\n<li>Montreux Comedy Festival<\/li>\n\n\n\n<li>Juste pour rire<\/li>\n\n\n\n<li>Festival millenium&nbsp;<\/li>\n\n\n\n<li>Th\u00e9\u00e2tre au vert&nbsp;<\/li>\n\n\n\n<li>Doux mois d\u2019ao\u00fbt \u00e0 Namur<\/li>\n\n\n\n<li>Intime festival&nbsp;<\/li>\n\n\n\n<li>Festival En V(r)ille \u00e0 La Louvi\u00e8re&nbsp;<\/li>\n\n\n\n<li>Festival Nuits sonores Bruxelles&nbsp;<\/li>\n\n\n\n<li>Feu&nbsp;&#8211; Festival des Expressions Urbaines<\/li>\n\n\n\n<li>Namur is a joke&nbsp;<\/li>\n\n\n\n<li>C festival&nbsp;<\/li>\n\n\n\n<li>J\u2019en chante<\/li>\n\n\n\n<li>Piano days \u00e0 Flagey&nbsp;<\/li>\n\n\n\n<li>Kidzik&nbsp;<\/li>\n\n\n\n<li>Festival leg &#8211; Bruxelles et Charleroi danse&nbsp;<\/li>\n\n\n\n<li>Porn film festival &#8211; Bruxelles&nbsp;<\/li>\n\n\n\n<li>Classic 21 Festival<\/li>\n\n\n\n<li>Corefestival.com&nbsp;<\/li>\n\n\n\n<li>Street Fest &#8211; street food Bruxelles&nbsp;<\/li>\n\n\n\n<li>Hangar Festival Bruxelles&nbsp;<\/li>\n\n\n\n<li>1&#215;1 soir \u00e0 Huy&nbsp;<\/li>\n\n\n\n<li>Itaque festival&nbsp;<\/li>\n\n\n\n<li>Zythos b\u00e9er festival&nbsp;<\/li>\n\n\n\n<li>Mythra jazz \u00e0 li\u00e8ge&nbsp;<\/li>\n\n\n\n<li>Lessines roots and rock&nbsp;<\/li>\n\n\n\n<li>Afrika film festival Leuven&nbsp;<\/li>\n\n\n\n<li>Streat Fest tour &amp; taxis&nbsp;<\/li>\n\n\n\n<li>Festival au carr\u00e9 &#8211; th\u00e9\u00e2tre et danse \u00e0 Mons<\/li>\n\n\n\n<li>Promised land&nbsp;<\/li>\n\n\n\n<li>Afro latino festival Genk&nbsp;<\/li>\n\n\n\n<li>Beach land&nbsp;<\/li>\n\n\n\n<li>Barrio Cantina &#8211; Food truck festival Ostende <\/li>\n\n\n\n<li>BRIFF &#8211; Brussels international film festival&nbsp;<\/li>\n\n\n\n<li>Best kept secret festival &#8211; NL&nbsp;<\/li>\n\n\n\n<li>Festival des cinq saisons&nbsp;<\/li>\n\n\n\n<li>BIFF<\/li>\n\n\n\n<li>FIFF<\/li>\n\n\n\n<li>Replay festival \u00e0 Herentaels&nbsp;<\/li>\n\n\n\n<li>Desertfest Belgium&nbsp;<\/li>\n\n\n\n<li>Uckel&rsquo;air&nbsp;<\/li>\n\n\n\n<li>Les sons intensifs&nbsp;<\/li>\n\n\n\n<li>W festival Oostende&nbsp;<\/li>\n\n\n\n<li>Festi food Mons&nbsp;<\/li>\n\n\n\n<li>Festival alimenterre&nbsp;<\/li>\n\n\n\n<li>Rampage renegade&nbsp;<\/li>\n\n\n\n<li>Festival maintenant&nbsp;<\/li>\n\n\n\n<li>Bruxelles sur sc\u00e8ne&nbsp;<\/li>\n\n\n\n<li>Garnaalkrokettenfestival Oostende&nbsp;<\/li>\n\n\n\n<li>Iris noir&nbsp;<\/li>\n\n\n\n<li>Politik Li\u00e8ge&nbsp;<\/li>\n\n\n\n<li>Month of the european film&nbsp;<\/li>\n\n\n\n<li>Cinemamed&nbsp;<\/li>\n\n\n\n<li>Namur is a joke&nbsp;<\/li>\n\n\n\n<li>Photo Brussels festival&nbsp;<\/li>\n\n\n\n<li>Hyde and seek&nbsp;<\/li>\n\n\n\n<li>Art de rue \u00e0 huy&nbsp;<\/li>\n\n\n\n<li>Wildfilm&nbsp;festival <\/li>\n\n\n\n<li>La f\u00eate du court<\/li>\n\n\n\n<li>Listen festival Lorenzo Serra&nbsp;<\/li>\n\n\n\n<li>Festivaleke&nbsp;<\/li>\n\n\n\n<li>Extrema&nbsp;<\/li>\n\n\n\n<li>W Festival &#8211; Ostende<\/li>\n\n\n\n<li>Trolls et l\u00e9gendes&nbsp;<\/li>\n\n\n\n<li>Balkan Trafik<\/li>\n\n\n\n<li>Brussels short film festival&nbsp;<\/li>\n\n\n\n<li>Hangar Festival&nbsp;<\/li>\n\n\n\n<li>Streat fest&nbsp;<\/li>\n\n\n\n<li>Inkspired tattoofest&nbsp;<\/li>\n\n\n\n<li>Horst festival<\/li>\n\n\n\n<li>Afropolitan festival&nbsp;<\/li>\n\n\n\n<li>Chic chac \u00e0 Verviers&nbsp;<\/li>\n\n\n\n<li>Bruxelles fait son cin\u00e9ma&nbsp;<\/li>\n\n\n\n<li>VKRS &#8211; l&rsquo;art du clip<\/li>\n\n\n\n<li>Brussels Renaissance Festival&nbsp;<\/li>\n\n\n\n<li>Ieper hardcore fest&nbsp;<\/li>\n\n\n\n<li>Micro festival du square Coghen&nbsp;<\/li>\n\n\n\n<li>Rampage open air&nbsp;<\/li>\n\n\n\n<li>Doerak festival&nbsp;<\/li>\n\n\n\n<li>Brossela&nbsp;<\/li>\n\n\n\n<li>Baudet\u2019stival&nbsp;<\/li>\n\n\n\n<li>Voodoo village &#8211; Humbeek<\/li>\n\n\n\n<li>Rock Ternat<\/li>\n\n\n\n<li>Desertfest &#8211; Antwerp&nbsp;<\/li>\n\n\n\n<li>Flowertime<\/li>\n\n\n\n<li>Helmgras&nbsp;<\/li>\n\n\n\n<li>Nieuwpoort Beach Festival&nbsp;<\/li>\n\n\n\n<li>Campo solar&nbsp;<\/li>\n\n\n\n<li>Reggae Geel&nbsp;<\/li>\n\n\n\n<li>Th\u00e9\u00e2tre nomade &#8211; Bois de la Cambre<\/li>\n\n\n\n<li>Les solidarit\u00e9s&nbsp;<\/li>\n\n\n\n<li>Gaume jazz<\/li>\n\n\n\n<li>Detour festival&nbsp;<\/li>\n\n\n\n<li>Intime festival<\/li>\n\n\n\n<li>La F\u00eate du fromage &#8211; fetedufromage.be <\/li>\n\n\n\n<li>Meakusma<\/li>\n\n\n\n<li>Weekender&nbsp;<\/li>\n\n\n\n<li>Il est temps d\u2019en rire&nbsp;<\/li>\n\n\n\n<li>Hearts, bellies &amp; balls&nbsp;<\/li>\n\n\n\n<li>Festival Poilant<\/li>\n\n\n\n<li>V&amp;B Fest &#8211; FR<\/li>\n\n\n\n<li>Festival du rire de Li\u00e8ge<\/li>\n\n\n\n<li>BXL Beer Fest<\/li>\n\n\n\n<li>Festival du Cin\u00e9ma belge \u00e0 Moustier <\/li>\n\n\n\n<li>Le Mois du Doc<\/li>\n\n\n\n<li>Pink Screens<\/li>\n\n\n\n<li>Bruxelles sur Sc\u00e8nes<\/li>\n\n\n\n<li>The Extraordinary Film Festival &#8211; TEFF \u00e0 Namur<\/li>\n\n\n\n<li>Music City Hall Festival <\/li>\n\n\n\n<li>Fifty Lab festival<\/li>\n\n\n\n<li>Hahalles Schaerbeek <\/li>\n\n\n\n<li>Les Gens d\u2019Ere <\/li>\n\n\n\n<li>Festival Paroles d&rsquo;Humains<\/li>\n\n\n\n<li>Piano Days Flagey <\/li>\n\n\n\n<li>Pays de Danses au Th\u00e9\u00e2tre de Li\u00e8ge<\/li>\n\n\n\n<li>Festival des solidarit\u00e9s internationales<\/li>\n\n\n\n<li>Festival Bright Brussels &#8211; Brussels Lights<\/li>\n\n\n\n<li>Festival Erotix<\/li>\n\n\n\n<li>Festival Brain &amp; Music &#8211; BAM<\/li>\n\n\n\n<li>Emerge! &#8211; Eden Charleroi<\/li>\n\n\n\n<li>Festival des Arts de la Rue de Huy <\/li>\n\n\n\n<li>Hopla! Festival du Cirque \u00e0 Bruxelles<\/li>\n\n\n\n<li>Chat Box Festival <\/li>\n\n\n\n<li>BSFF &#8211; Brussels Short Film Festival<\/li>\n\n\n\n<li>La Belle Hip Hop &#8211; Bruxelles<\/li>\n\n\n\n<li>Intime Festival<\/li>\n\n\n\n<li>Eclats festivals &#8211; Bruxelles<\/li>\n\n\n\n<li>Hands Up Festival<\/li>\n\n\n\n<li>Homografia <\/li>\n\n\n\n<li>Gouvy Jazz and Blues Festival &#8211; Madelonne<\/li>\n\n\n\n<li>Dinant Jazz<\/li>\n\n\n\n<li>Celtic Days<\/li>\n\n\n\n<li>Festival Walden<\/li>\n\n\n\n<li>Park Rock Baudour <\/li>\n\n\n\n<li>Festival Musique 3<\/li>\n\n\n\n<li>Les Gens d&rsquo;Ere <\/li>\n\n\n\n<li>Summer Music Festival &#8211; Boussu<\/li>\n\n\n\n<li>Festival Les Poly&rsquo;sons &#8211; <a href=\"https:\/\/lespolysons.com\" title=\"Festival\">Polysons<\/a> \u00e0 Huy<\/li>\n\n\n\n<li>Pom Pom Pom &#8211; festival du cidre artisanal<\/li>\n\n\n\n<li>Festival Ecopolis<\/li>\n\n\n\n<li>Sc\u00e8nes Nouvelles<\/li>\n\n\n\n<li>Next Festival<\/li>\n\n\n\n<li>Music City Hall Festival &#8211; Bruxelles<\/li>\n\n\n\n<li>DS Podcast festival<\/li>\n\n\n\n<li>Fifty Lab music festival &#8211; Bruxelles <\/li>\n\n\n\n<li>Brussels Game festival <\/li>\n\n\n\n<li>Micro festival<\/li>\n\n\n\n<li>Montgolfiades d&rsquo;Hotton <\/li>\n\n\n\n<li>Festifood<\/li>\n\n\n\n<li>Les Innattendus de Tournai <\/li>\n\n\n\n<li>BD Comic Strip festival <\/li>\n\n\n\n<li>Puppet in the City <\/li>\n\n\n\n<li>Brussels Nightcall <\/li>\n<\/ul>\n\n\n<ul class=\"wp-block-latest-posts__list wp-block-latest-posts\"><li><a class=\"wp-block-latest-posts__post-title\" href=\"https:\/\/www.festivals.be\/festivals-belgique\/2023\/06\/27\/les-plus-grands-festivals-en-belgique\/\">Les plus grands festivals en Belgique<\/a><\/li>\n<li><a class=\"wp-block-latest-posts__post-title\" href=\"https:\/\/www.festivals.be\/festivals-belgique\/2016\/08\/18\/frequentation-des-festivals-en-2016\/\">Fr\u00e9quentation des festivals en 2016<\/a><\/li>\n<li><a class=\"wp-block-latest-posts__post-title\" href=\"https:\/\/www.festivals.be\/festivals-belgique\/2016\/07\/13\/festivals-be-nouvelle-version\/\">Festivals.be : nouvelle version !<\/a><\/li>\n<\/ul>\n\n\n<figure class=\"wp-block-embed is-type-wp-embed is-provider-festivals-be wp-block-embed-festivals-be\"><div class=\"wp-block-embed__wrapper\">\n<blockquote class=\"wp-embedded-content\" data-secret=\"Ab8fqcXqwI\"><a href=\"https:\/\/www.festivals.be\/festivals-belgique\/festivals-virtuels\/\">Festivals virtuels<\/a><\/blockquote><iframe loading=\"lazy\" class=\"wp-embedded-content\" sandbox=\"allow-scripts\" security=\"restricted\" style=\"position: absolute; visibility: hidden;\" title=\"\u00ab\u00a0Festivals virtuels\u00a0\u00bb &#8212; Festivals.be\" src=\"https:\/\/www.festivals.be\/festivals-belgique\/festivals-virtuels\/embed\/#?secret=SfT46orRZE#?secret=Ab8fqcXqwI\" data-secret=\"Ab8fqcXqwI\" width=\"600\" height=\"338\" frameborder=\"0\" marginwidth=\"0\" marginheight=\"0\" scrolling=\"no\"><\/iframe>\n<\/div><\/figure>\n\n\n\n<p><\/p>\n","protected":false},"excerpt":{"rendered":"<p>Tous les festivals en Belgique. Agenda des festivals en Belgique<\/p>\n","protected":false},"author":1,"featured_media":0,"parent":0,"menu_order":0,"comment_status":"closed","ping_status":"closed","template":"","meta":{"jetpack_post_was_ever_published":false,"footnotes":""},"class_list":["post-13","page","type-page","status-publish","hentry"],"aioseo_notices":[],"jetpack_sharing_enabled":true,"jetpack_shortlink":"https:\/\/wp.me\/P7Iv6j-d","jetpack_likes_enabled":true,"jetpack-related-posts":[{"id":64,"url":"https:\/\/www.festivals.be\/festivals-belgique\/a-propos\/","url_meta":{"origin":13,"position":0},"title":"A propos","author":"Admin","date":"13 juillet 2016","format":false,"excerpt":"Festivals.be : n\u00b01 sur les Festivals en Belgique ! En ligne\u00a0depuis 2001, le site Festivals .be s'est rapidement impos\u00e9 comme le premier site sur les festivals en Belgique. Avec des dizaines de milliers de pages vues et de visiteurs uniques par mois, il attire une grande partie de l'audience des\u2026","rel":"","context":"Article similaire","block_context":{"text":"Article similaire","link":""},"img":{"alt_text":"","src":"","width":0,"height":0},"classes":[]},{"id":129,"url":"https:\/\/www.festivals.be\/festivals-belgique\/festivals\/musique\/rock-et-divers\/dour-festival\/","url_meta":{"origin":13,"position":1},"title":"Dour festival","author":"Admin","date":"18 ao\u00fbt 2016","format":false,"excerpt":"Le festival des d\u00e9couvertes ! Voil\u00e0 comment Dour se positionne dans la famille des festivals belges. C'est une institution. Une affiche faisant le tour des musiques \u00e0 360 degr\u00e9s, on y trouve de tout ... sauf des stars plan\u00e9taires. Incontestablement le meilleur endroit en Belgique pour d\u00e9couvrir de nouveaux sons,\u2026","rel":"","context":"Article similaire","block_context":{"text":"Article similaire","link":""},"img":{"alt_text":"Dour festival","src":"https:\/\/i0.wp.com\/www.festivals.be\/festivals-belgique\/wp-content\/uploads\/2017\/03\/Dour-300x200.jpg?resize=350%2C200","width":350,"height":200},"classes":[]},{"id":28,"url":"https:\/\/www.festivals.be\/festivals-belgique\/festivals\/autres\/","url_meta":{"origin":13,"position":2},"title":"Autres","author":"Admin","date":"13 juillet 2016","format":false,"excerpt":"Les autres festivals en Belgique.","rel":"","context":"Article similaire","block_context":{"text":"Article similaire","link":""},"img":{"alt_text":"","src":"","width":0,"height":0},"classes":[]},{"id":16,"url":"https:\/\/www.festivals.be\/festivals-belgique\/festivals\/musique\/","url_meta":{"origin":13,"position":3},"title":"Musique","author":"Admin","date":"13 juillet 2016","format":false,"excerpt":"Liste de tous les festivals de musique en Belgique.","rel":"","context":"Article similaire","block_context":{"text":"Article similaire","link":""},"img":{"alt_text":"","src":"","width":0,"height":0},"classes":[]},{"id":22,"url":"https:\/\/www.festivals.be\/festivals-belgique\/festivals\/danse\/","url_meta":{"origin":13,"position":4},"title":"Danse","author":"Admin","date":"13 juillet 2016","format":false,"excerpt":"Liste de tous les festivals de danse en Belgique.","rel":"","context":"Article similaire","block_context":{"text":"Article similaire","link":""},"img":{"alt_text":"","src":"","width":0,"height":0},"classes":[]},{"id":48,"url":"https:\/\/www.festivals.be\/festivals-belgique\/festivals\/musique\/jazz\/","url_meta":{"origin":13,"position":5},"title":"Jazz","author":"Admin","date":"13 juillet 2016","format":false,"excerpt":"Festivals de jazz en Belgique.","rel":"","context":"Article similaire","block_context":{"text":"Article similaire","link":""},"img":{"alt_text":"","src":"","width":0,"height":0},"classes":[]}],"_links":{"self":[{"href":"https:\/\/www.festivals.be\/festivals-belgique\/wp-json\/wp\/v2\/pages\/13","targetHints":{"allow":["GET"]}}],"collection":[{"href":"https:\/\/www.festivals.be\/festivals-belgique\/wp-json\/wp\/v2\/pages"}],"about":[{"href":"https:\/\/www.festivals.be\/festivals-belgique\/wp-json\/wp\/v2\/types\/page"}],"author":[{"embeddable":true,"href":"https:\/\/www.festivals.be\/festivals-belgique\/wp-json\/wp\/v2\/users\/1"}],"replies":[{"embeddable":true,"href":"https:\/\/www.festivals.be\/festivals-belgique\/wp-json\/wp\/v2\/comments?post=13"}],"version-history":[{"count":34,"href":"https:\/\/www.festivals.be\/festivals-belgique\/wp-json\/wp\/v2\/pages\/13\/revisions"}],"predecessor-version":[{"id":836,"href":"https:\/\/www.festivals.be\/festivals-belgique\/wp-json\/wp\/v2\/pages\/13\/revisions\/836"}],"wp:attachment":[{"href":"https:\/\/www.festivals.be\/festivals-belgique\/wp-json\/wp\/v2\/media?parent=13"}],"curies":[{"name":"wp","href":"https:\/\/api.w.org\/{rel}","templated":true}]}}