{"id":185,"date":"2017-03-01T18:22:38","date_gmt":"2017-03-01T17:22:38","guid":{"rendered":"http:\/\/www.festivals.be\/festivals-belgique\/?page_id=185"},"modified":"2017-03-01T18:24:50","modified_gmt":"2017-03-01T17:24:50","slug":"micro-festival","status":"publish","type":"page","link":"https:\/\/www.festivals.be\/festivals-belgique\/festivals\/musique\/rock-et-divers\/micro-festival\/","title":{"rendered":"Micro Festival"},"content":{"rendered":"<p>Organis\u00e9 depuis 2010 par le collectif Jaune Orange, le <strong>Micro Festival<\/strong> se d\u00e9roule chaque ann\u00e9e dans la ville de Li\u00e8ge durant le mois d&rsquo;ao\u00fbt.<\/p>\n<p>Dates de la prochaine \u00e9dition : <strong>Micro Festival 2017<\/strong>, les 4 et 5 ao\u00fbt 2017<\/p>\n<p>Site internet : <a href=\"http:\/\/www.microfestival.be\/\">Micro Festival<\/a><\/p>\n<p>&nbsp;<\/p>\n","protected":false},"excerpt":{"rendered":"<p>Organis\u00e9 depuis 2010 par le collectif Jaune Orange, le Micro Festival se d\u00e9roule chaque ann\u00e9e dans la ville de Li\u00e8ge durant le mois d&rsquo;ao\u00fbt. Dates de la prochaine \u00e9dition : &hellip; <a href=\"https:\/\/www.festivals.be\/festivals-belgique\/festivals\/musique\/rock-et-divers\/micro-festival\/\" class=\"more-link\">Continuer la lecture<span class=\"screen-reader-text\"> de &laquo;&nbsp;Micro Festival&nbsp;&raquo;<\/span><\/a><\/p>\n","protected":false},"author":1,"featured_media":0,"parent":18,"menu_order":0,"comment_status":"closed","ping_status":"closed","template":"","meta":{"jetpack_post_was_ever_published":false,"footnotes":""},"class_list":["post-185","page","type-page","status-publish","hentry"],"aioseo_notices":[],"jetpack_sharing_enabled":true,"jetpack_shortlink":"https:\/\/wp.me\/P7Iv6j-2Z","jetpack_likes_enabled":true,"jetpack-related-posts":[{"id":13,"url":"https:\/\/www.festivals.be\/festivals-belgique\/festivals\/","url_meta":{"origin":185,"position":0},"title":"Festivals","author":"Admin","date":"13 juillet 2016","format":false,"excerpt":"Tous les festivals en Belgique. Agenda des festivals en Belgique Senneffe\u00a0 Waterlol\u00a0 Rock system\u00a0 Un festival\u00a0 Belzik\u00a0 Listen\u00a0 La smalla\u00a0 Avril en ville\u00a0 Confluent jazz festival\u00a0 Forest Sounds\u00a0 Kikk\u00a0 Into the blue\u00a0 Vibrations \u00e0 Malmedy Le refuge\u00a0 Fiestacity verviers\u00a0 Brdcst - broadcast \u00e0 l' Ancienne Belgique\u00a0 Le jour le plus\u2026","rel":"","context":"Article similaire","block_context":{"text":"Article similaire","link":""},"img":{"alt_text":"","src":"","width":0,"height":0},"classes":[]},{"id":240,"url":"https:\/\/www.festivals.be\/festivals-belgique\/festivals\/musique\/rock-et-divers\/dranouter\/","url_meta":{"origin":185,"position":1},"title":"Dranouter","author":"Admin","date":"1 mars 2017","format":false,"excerpt":"Le Festival Dranouter, anciennement connu sous le nom de Folkfestival Dranouter,\u00a0se d\u00e9roule durant le premier week-end d'ao\u00fbt. Plus de 80.000 personnes se rendent alors dans le petit village de Dranouter, en Flandre occidentale pour vivre cette ambiance unique et tr\u00e8s acoustique ! \"Folk\" Dranouter est le plus grand festival folk\u2026","rel":"","context":"Article similaire","block_context":{"text":"Article similaire","link":""},"img":{"alt_text":"Dranouter","src":"https:\/\/i0.wp.com\/www.festivals.be\/festivals-belgique\/wp-content\/uploads\/2017\/03\/Dranouter-300x168.jpg?resize=350%2C200","width":350,"height":200},"classes":[]},{"id":358,"url":"https:\/\/www.festivals.be\/festivals-belgique\/festivals\/musique\/electro-et-dance\/frontline-festival\/","url_meta":{"origin":185,"position":2},"title":"Frontline Festival","author":"Admin","date":"6 mars 2017","format":false,"excerpt":"Le festival Frontline a vu le jour en 2013. Il s'agit d'un festival de musique \u00e9lectronique qui grandit chaque ann\u00e9e. En 2016 il a rassembl\u00e9 plus de 2.000 festivaliers autour de DJ locaux \u00e0 Zonnebeke, pr\u00e8s de Ypres. Dates de la prochaine \u00e9dition : Frontline Festival 2017, le 19 ao\u00fbt\u2026","rel":"","context":"Article similaire","block_context":{"text":"Article similaire","link":""},"img":{"alt_text":"Frontline Festival","src":"https:\/\/i0.wp.com\/www.festivals.be\/festivals-belgique\/wp-content\/uploads\/2017\/03\/Frontline-Festival-300x300.png?resize=350%2C200","width":350,"height":200},"classes":[]},{"id":292,"url":"https:\/\/www.festivals.be\/festivals-belgique\/festivals\/musique\/rock-et-divers\/les-solidarites\/","url_meta":{"origin":185,"position":3},"title":"Les Solidarit\u00e9s","author":"Admin","date":"2 mars 2017","format":false,"excerpt":"La F\u00eate des Solidarit\u00e9s se d\u00e9roule pendant un week-end de la fin du mois d'ao\u00fbt dans le cadre fantastique de la citadelle de Namur. Il accueille principalement des artistes francophone, grands noms actuels ou en devenir du paysage de la chanson. Il s'agit d'un festival familial qui fait la part\u2026","rel":"","context":"Article similaire","block_context":{"text":"Article similaire","link":""},"img":{"alt_text":"Festival des solidarit\u00e9s","src":"https:\/\/i0.wp.com\/www.festivals.be\/festivals-belgique\/wp-content\/uploads\/2017\/03\/Festivals-des-solidarites-300x100.png?resize=350%2C200","width":350,"height":200},"classes":[]},{"id":247,"url":"https:\/\/www.festivals.be\/festivals-belgique\/festivals\/musique\/metal\/alcatraz-metal-festival\/","url_meta":{"origin":185,"position":4},"title":"Alcatraz Metal Festival","author":"Admin","date":"2 mars 2017","format":false,"excerpt":"Alcatraz est un festival de m\u00e9tal qui a vu le jour en 2009. Le festival n'a fait que grandir tout au long de ces derni\u00e8res ann\u00e9es avec une affiche de plus en plus qualitative, accueillant des groupes \u00e0 la renomm\u00e9e internationale et donnant de la visibilit\u00e9 aux groupes belges. Une\u2026","rel":"","context":"Article similaire","block_context":{"text":"Article similaire","link":""},"img":{"alt_text":"Alcatraz Metal Festival","src":"https:\/\/i0.wp.com\/www.festivals.be\/festivals-belgique\/wp-content\/uploads\/2017\/03\/Alcatraz-300x90.jpg?resize=350%2C200","width":350,"height":200,"srcset":"https:\/\/i0.wp.com\/www.festivals.be\/festivals-belgique\/wp-content\/uploads\/2017\/03\/Alcatraz-300x90.jpg?resize=350%2C200 1x, https:\/\/i0.wp.com\/www.festivals.be\/festivals-belgique\/wp-content\/uploads\/2017\/03\/Alcatraz-300x90.jpg?resize=525%2C300 1.5x, https:\/\/i0.wp.com\/www.festivals.be\/festivals-belgique\/wp-content\/uploads\/2017\/03\/Alcatraz-300x90.jpg?resize=700%2C400 2x"},"classes":[]},{"id":195,"url":"https:\/\/www.festivals.be\/festivals-belgique\/festivals\/theatre\/chassepiere\/","url_meta":{"origin":185,"position":5},"title":"Chassepi\u00e8re","author":"Admin","date":"1 mars 2017","format":false,"excerpt":"Certainement un des moments les plus magiques de la saison des festivals en Belgique. Tout le village de Chassepi\u00e8re, situ\u00e9 dans les Ardennes non loin de Florenville, se transforme l'espace d'un week-end en une \u00e9norme f\u00eate \u00e0 la gloire des arts de la rue : acrobates, jongleurs, clowns, musiciens, danseurs,\u2026","rel":"","context":"Article similaire","block_context":{"text":"Article similaire","link":""},"img":{"alt_text":"","src":"","width":0,"height":0},"classes":[]}],"_links":{"self":[{"href":"https:\/\/www.festivals.be\/festivals-belgique\/wp-json\/wp\/v2\/pages\/185","targetHints":{"allow":["GET"]}}],"collection":[{"href":"https:\/\/www.festivals.be\/festivals-belgique\/wp-json\/wp\/v2\/pages"}],"about":[{"href":"https:\/\/www.festivals.be\/festivals-belgique\/wp-json\/wp\/v2\/types\/page"}],"author":[{"embeddable":true,"href":"https:\/\/www.festivals.be\/festivals-belgique\/wp-json\/wp\/v2\/users\/1"}],"replies":[{"embeddable":true,"href":"https:\/\/www.festivals.be\/festivals-belgique\/wp-json\/wp\/v2\/comments?post=185"}],"version-history":[{"count":1,"href":"https:\/\/www.festivals.be\/festivals-belgique\/wp-json\/wp\/v2\/pages\/185\/revisions"}],"predecessor-version":[{"id":186,"href":"https:\/\/www.festivals.be\/festivals-belgique\/wp-json\/wp\/v2\/pages\/185\/revisions\/186"}],"up":[{"embeddable":true,"href":"https:\/\/www.festivals.be\/festivals-belgique\/wp-json\/wp\/v2\/pages\/18"}],"wp:attachment":[{"href":"https:\/\/www.festivals.be\/festivals-belgique\/wp-json\/wp\/v2\/media?parent=185"}],"curies":[{"name":"wp","href":"https:\/\/api.w.org\/{rel}","templated":true}]}}