{"id":202,"date":"2017-03-01T20:40:54","date_gmt":"2017-03-01T19:40:54","guid":{"rendered":"http:\/\/www.festivals.be\/festivals-belgique\/?page_id=202"},"modified":"2017-03-01T20:40:54","modified_gmt":"2017-03-01T19:40:54","slug":"jyvazik","status":"publish","type":"page","link":"https:\/\/www.festivals.be\/festivals-belgique\/festivals\/musique\/jazz\/jyvazik\/","title":{"rendered":"Jyva&rsquo;Zik"},"content":{"rendered":"<p>Depuis 2006, le festival de musique <strong>Jyva&rsquo;Zik<\/strong> a lieu chaque ann\u00e9e \u00e0 Court-Saint-Etienne, pr\u00e8s d&rsquo;Ottignies &#8211; Louvain-la-Neuve. Il se d\u00e9roule sur deux soir\u00e9es et met en sc\u00e8ne des musiciens, danseurs, artistes de cabarets et toute une s\u00e9rie d&rsquo;\u00e9v\u00e9nements et d&rsquo;activit\u00e9s autour des ann\u00e9es folles : jazz, blues, burlesque, &#8230; ce festival d\u00e9gage une atmosph\u00e8re unique en son genre, un v\u00e9ritable \u00ab\u00a0bon dans le temps\u00a0\u00bb !<\/p>\n<p>Dates de la prochaine \u00e9dition : <strong>Jyva&rsquo;Zik 2017<\/strong> (\u00e0 confirmer)<\/p>\n<p>Site internet : <a href=\"http:\/\/www.jyvazik.be\">Jyva&rsquo;Zik<\/a><\/p>\n<p>&nbsp;<\/p>\n","protected":false},"excerpt":{"rendered":"<p>Depuis 2006, le festival de musique Jyva&rsquo;Zik a lieu chaque ann\u00e9e \u00e0 Court-Saint-Etienne, pr\u00e8s d&rsquo;Ottignies &#8211; Louvain-la-Neuve. Il se d\u00e9roule sur deux soir\u00e9es et met en sc\u00e8ne des musiciens, danseurs, &hellip; <a href=\"https:\/\/www.festivals.be\/festivals-belgique\/festivals\/musique\/jazz\/jyvazik\/\" class=\"more-link\">Continuer la lecture<span class=\"screen-reader-text\"> de &laquo;&nbsp;Jyva&rsquo;Zik&nbsp;&raquo;<\/span><\/a><\/p>\n","protected":false},"author":1,"featured_media":0,"parent":48,"menu_order":0,"comment_status":"closed","ping_status":"closed","template":"","meta":{"jetpack_post_was_ever_published":false,"footnotes":""},"class_list":["post-202","page","type-page","status-publish","hentry"],"aioseo_notices":[],"jetpack_sharing_enabled":true,"jetpack_shortlink":"https:\/\/wp.me\/P7Iv6j-3g","jetpack_likes_enabled":true,"jetpack-related-posts":[{"id":114,"url":"https:\/\/www.festivals.be\/festivals-belgique\/festivals\/musique\/electro-et-dance\/tomorrowland\/","url_meta":{"origin":202,"position":0},"title":"Tomorrowland","author":"Admin","date":"23 juillet 2016","format":false,"excerpt":"Tomorrowland est LA r\u00e9f\u00e9rence mondiale des festivals electro. Vainqueur du titre de meilleur festival du monde \u00e0 plusieurs reprises, c'est un des festivals incontournables ... de la plan\u00e8te. Chaque ann\u00e9e les organisateurs ajoutent de nouvelles id\u00e9es folles pour en faire le rendez-vous de l'ann\u00e9e. Et les dizaines de milliers de\u2026","rel":"","context":"Article similaire","block_context":{"text":"Article similaire","link":""},"img":{"alt_text":"","src":"","width":0,"height":0},"classes":[]},{"id":136,"url":"https:\/\/www.festivals.be\/festivals-belgique\/festivals\/musique\/rock-et-divers\/ronquieres\/","url_meta":{"origin":202,"position":1},"title":"Ronqui\u00e8res","author":"Admin","date":"18 ao\u00fbt 2016","format":false,"excerpt":"Un plan inclin\u00e9 ? Un site pas comme les autres ! Voil\u00e0 une premi\u00e8re particularit\u00e9 qui permet au festival de Ronqui\u00e8res de sortir du lot et de se faire remarquer. Une chose est claire : ces derni\u00e8res ann\u00e9es le festival se donne une ambition grandissante, avec un affiche de plus\u2026","rel":"","context":"Article similaire","block_context":{"text":"Article similaire","link":""},"img":{"alt_text":"","src":"","width":0,"height":0},"classes":[]},{"id":358,"url":"https:\/\/www.festivals.be\/festivals-belgique\/festivals\/musique\/electro-et-dance\/frontline-festival\/","url_meta":{"origin":202,"position":2},"title":"Frontline Festival","author":"Admin","date":"6 mars 2017","format":false,"excerpt":"Le festival Frontline a vu le jour en 2013. Il s'agit d'un festival de musique \u00e9lectronique qui grandit chaque ann\u00e9e. En 2016 il a rassembl\u00e9 plus de 2.000 festivaliers autour de DJ locaux \u00e0 Zonnebeke, pr\u00e8s de Ypres. Dates de la prochaine \u00e9dition : Frontline Festival 2017, le 19 ao\u00fbt\u2026","rel":"","context":"Article similaire","block_context":{"text":"Article similaire","link":""},"img":{"alt_text":"Frontline Festival","src":"https:\/\/i0.wp.com\/www.festivals.be\/festivals-belgique\/wp-content\/uploads\/2017\/03\/Frontline-Festival-300x300.png?resize=350%2C200","width":350,"height":200},"classes":[]},{"id":344,"url":"https:\/\/www.festivals.be\/festivals-belgique\/festivals\/musique\/jazz\/django-a-liberchies\/","url_meta":{"origin":202,"position":3},"title":"Django \u00e0 Liberchies","author":"Admin","date":"3 mars 2017","format":false,"excerpt":"Un festival unique qui rassemble depuis une quinzaine d'ann\u00e9e les amateurs de jazz manouche. Le festival Django se tient l'espace d'un week-end dans le village de Liberchies, lieu de naissance de Django Reinhardt, le plus grand guitariste de jazz manouche belge. Le festival accueille \u00e9galement plusieurs bals et s'est inscrit\u2026","rel":"","context":"Article similaire","block_context":{"text":"Article similaire","link":""},"img":{"alt_text":"","src":"","width":0,"height":0},"classes":[]},{"id":188,"url":"https:\/\/www.festivals.be\/festivals-belgique\/festivals\/theatre\/festival-de-liege\/","url_meta":{"origin":202,"position":4},"title":"Festival de Li\u00e8ge","author":"Admin","date":"1 mars 2017","format":false,"excerpt":"Le Festival de Li\u00e8ge rassemble des spectacles de th\u00e9\u00e2tre, danse et musique. Comme son nom l'indique il a lieu chaque ann\u00e9e dans la ville de Li\u00e8ge, durant le mois de f\u00e9vrier. Date de la prochaine \u00e9dition : Festival de Li\u00e8ge 2018 (\u00e0 confirmer) Site internet : Festival de Li\u00e8ge \u00a0","rel":"","context":"Article similaire","block_context":{"text":"Article similaire","link":""},"img":{"alt_text":"","src":"","width":0,"height":0},"classes":[]},{"id":247,"url":"https:\/\/www.festivals.be\/festivals-belgique\/festivals\/musique\/metal\/alcatraz-metal-festival\/","url_meta":{"origin":202,"position":5},"title":"Alcatraz Metal Festival","author":"Admin","date":"2 mars 2017","format":false,"excerpt":"Alcatraz est un festival de m\u00e9tal qui a vu le jour en 2009. Le festival n'a fait que grandir tout au long de ces derni\u00e8res ann\u00e9es avec une affiche de plus en plus qualitative, accueillant des groupes \u00e0 la renomm\u00e9e internationale et donnant de la visibilit\u00e9 aux groupes belges. Une\u2026","rel":"","context":"Article similaire","block_context":{"text":"Article similaire","link":""},"img":{"alt_text":"Alcatraz Metal Festival","src":"https:\/\/i0.wp.com\/www.festivals.be\/festivals-belgique\/wp-content\/uploads\/2017\/03\/Alcatraz-300x90.jpg?resize=350%2C200","width":350,"height":200,"srcset":"https:\/\/i0.wp.com\/www.festivals.be\/festivals-belgique\/wp-content\/uploads\/2017\/03\/Alcatraz-300x90.jpg?resize=350%2C200 1x, https:\/\/i0.wp.com\/www.festivals.be\/festivals-belgique\/wp-content\/uploads\/2017\/03\/Alcatraz-300x90.jpg?resize=525%2C300 1.5x, https:\/\/i0.wp.com\/www.festivals.be\/festivals-belgique\/wp-content\/uploads\/2017\/03\/Alcatraz-300x90.jpg?resize=700%2C400 2x"},"classes":[]}],"_links":{"self":[{"href":"https:\/\/www.festivals.be\/festivals-belgique\/wp-json\/wp\/v2\/pages\/202","targetHints":{"allow":["GET"]}}],"collection":[{"href":"https:\/\/www.festivals.be\/festivals-belgique\/wp-json\/wp\/v2\/pages"}],"about":[{"href":"https:\/\/www.festivals.be\/festivals-belgique\/wp-json\/wp\/v2\/types\/page"}],"author":[{"embeddable":true,"href":"https:\/\/www.festivals.be\/festivals-belgique\/wp-json\/wp\/v2\/users\/1"}],"replies":[{"embeddable":true,"href":"https:\/\/www.festivals.be\/festivals-belgique\/wp-json\/wp\/v2\/comments?post=202"}],"version-history":[{"count":1,"href":"https:\/\/www.festivals.be\/festivals-belgique\/wp-json\/wp\/v2\/pages\/202\/revisions"}],"predecessor-version":[{"id":203,"href":"https:\/\/www.festivals.be\/festivals-belgique\/wp-json\/wp\/v2\/pages\/202\/revisions\/203"}],"up":[{"embeddable":true,"href":"https:\/\/www.festivals.be\/festivals-belgique\/wp-json\/wp\/v2\/pages\/48"}],"wp:attachment":[{"href":"https:\/\/www.festivals.be\/festivals-belgique\/wp-json\/wp\/v2\/media?parent=202"}],"curies":[{"name":"wp","href":"https:\/\/api.w.org\/{rel}","templated":true}]}}