{"id":22,"date":"2016-07-13T20:38:10","date_gmt":"2016-07-13T18:38:10","guid":{"rendered":"http:\/\/www.festivals.be\/festivals-belgique\/?page_id=22"},"modified":"2016-07-13T20:38:10","modified_gmt":"2016-07-13T18:38:10","slug":"danse","status":"publish","type":"page","link":"https:\/\/www.festivals.be\/festivals-belgique\/festivals\/danse\/","title":{"rendered":"Danse"},"content":{"rendered":"<p>Liste de tous les festivals de danse en Belgique.<\/p>\n","protected":false},"excerpt":{"rendered":"<p>Liste de tous les festivals de danse en Belgique.<\/p>\n","protected":false},"author":1,"featured_media":0,"parent":13,"menu_order":0,"comment_status":"closed","ping_status":"closed","template":"","meta":{"jetpack_post_was_ever_published":false,"footnotes":""},"class_list":["post-22","page","type-page","status-publish","hentry"],"aioseo_notices":[],"jetpack_sharing_enabled":true,"jetpack_shortlink":"https:\/\/wp.me\/P7Iv6j-m","jetpack_likes_enabled":true,"jetpack-related-posts":[{"id":222,"url":"https:\/\/www.festivals.be\/festivals-belgique\/festivals\/musique\/musique-du-monde\/afro-latino-festival\/","url_meta":{"origin":22,"position":0},"title":"Afro-Latino Festival","author":"Admin","date":"1 mars 2017","format":false,"excerpt":"Le festival de musique du monde Afro-Latino est organis\u00e9 \u00e0 Bree et propose chaque ann\u00e9e une affiche innovante, compos\u00e9e d'artistes internationaux renomm\u00e9s venant d'Afrique, d'Am\u00e9rique latine, des Cara\u00efbes et d'Europe du Sud. Au total, c'est plus de 40 groupes et DJ qui sont programm\u00e9s, ainsi qu'une dizaine d'animations de danse\u2026","rel":"","context":"Article similaire","block_context":{"text":"Article similaire","link":""},"img":{"alt_text":"Afro Latino","src":"https:\/\/i0.wp.com\/www.festivals.be\/festivals-belgique\/wp-content\/uploads\/2017\/03\/Afro-Latino-300x200.jpg?resize=350%2C200","width":350,"height":200},"classes":[]},{"id":13,"url":"https:\/\/www.festivals.be\/festivals-belgique\/festivals\/","url_meta":{"origin":22,"position":1},"title":"Festivals","author":"Admin","date":"13 juillet 2016","format":false,"excerpt":"Tous les festivals en Belgique. Agenda des festivals en Belgique Senneffe\u00a0 Waterlol\u00a0 Rock system\u00a0 Un festival\u00a0 Belzik\u00a0 Listen\u00a0 La smalla\u00a0 Avril en ville\u00a0 Confluent jazz festival\u00a0 Forest Sounds\u00a0 Kikk\u00a0 Into the blue\u00a0 Vibrations \u00e0 Malmedy Le refuge\u00a0 Fiestacity verviers\u00a0 Brdcst - broadcast \u00e0 l' Ancienne Belgique\u00a0 Le jour le plus\u2026","rel":"","context":"Article similaire","block_context":{"text":"Article similaire","link":""},"img":{"alt_text":"","src":"","width":0,"height":0},"classes":[]},{"id":188,"url":"https:\/\/www.festivals.be\/festivals-belgique\/festivals\/theatre\/festival-de-liege\/","url_meta":{"origin":22,"position":2},"title":"Festival de Li\u00e8ge","author":"Admin","date":"1 mars 2017","format":false,"excerpt":"Le Festival de Li\u00e8ge rassemble des spectacles de th\u00e9\u00e2tre, danse et musique. Comme son nom l'indique il a lieu chaque ann\u00e9e dans la ville de Li\u00e8ge, durant le mois de f\u00e9vrier. Date de la prochaine \u00e9dition : Festival de Li\u00e8ge 2018 (\u00e0 confirmer) Site internet : Festival de Li\u00e8ge \u00a0","rel":"","context":"Article similaire","block_context":{"text":"Article similaire","link":""},"img":{"alt_text":"","src":"","width":0,"height":0},"classes":[]},{"id":331,"url":"https:\/\/www.festivals.be\/festivals-belgique\/festivals\/musique\/musique-du-monde\/pole-pole\/","url_meta":{"origin":22,"position":3},"title":"Pol\u00e9 Pol\u00e9","author":"Admin","date":"2 mars 2017","format":false,"excerpt":"Un festival des musiques du monde o\u00f9 la danse et la f\u00eate sont irr\u00e9sistibles ! Le festival Pol\u00e9 Pol\u00e9 de Gand se d\u00e9roule pendant les \"f\u00eates de Gand\" chaque ann\u00e9e durant le mois de juillet. Dates de la prochaine \u00e9dition : Pol\u00e9 Pol\u00e9 2017, du 14 au 23 juillet 2017\u2026","rel":"","context":"Article similaire","block_context":{"text":"Article similaire","link":""},"img":{"alt_text":"Pole Pole","src":"https:\/\/i0.wp.com\/www.festivals.be\/festivals-belgique\/wp-content\/uploads\/2017\/03\/pole-pole-festival-300x97.jpg?resize=350%2C200","width":350,"height":200,"srcset":"https:\/\/i0.wp.com\/www.festivals.be\/festivals-belgique\/wp-content\/uploads\/2017\/03\/pole-pole-festival-300x97.jpg?resize=350%2C200 1x, https:\/\/i0.wp.com\/www.festivals.be\/festivals-belgique\/wp-content\/uploads\/2017\/03\/pole-pole-festival-300x97.jpg?resize=525%2C300 1.5x"},"classes":[]},{"id":387,"url":"https:\/\/www.festivals.be\/festivals-belgique\/festivals\/autres\/museum-night-fever\/","url_meta":{"origin":22,"position":4},"title":"Museum Night Fever","author":"Admin","date":"9 mars 2017","format":false,"excerpt":"C'est la f\u00eate annuelle des mus\u00e9es bruxellois ! Chaque ann\u00e9e depuis 2007, le temps d'une soir\u00e9e et d'une nuit, de nombreux mus\u00e9es de la capitale prennent un coup de folie et ouvrent leurs portes aux noctambules pour des visites \u00a0guid\u00e9es hors du commun, des \u00e9v\u00e9nements, des animations, des performances live,\u2026","rel":"","context":"Article similaire","block_context":{"text":"Article similaire","link":""},"img":{"alt_text":"","src":"","width":0,"height":0},"classes":[]},{"id":16,"url":"https:\/\/www.festivals.be\/festivals-belgique\/festivals\/musique\/","url_meta":{"origin":22,"position":5},"title":"Musique","author":"Admin","date":"13 juillet 2016","format":false,"excerpt":"Liste de tous les festivals de musique en Belgique.","rel":"","context":"Article similaire","block_context":{"text":"Article similaire","link":""},"img":{"alt_text":"","src":"","width":0,"height":0},"classes":[]}],"_links":{"self":[{"href":"https:\/\/www.festivals.be\/festivals-belgique\/wp-json\/wp\/v2\/pages\/22","targetHints":{"allow":["GET"]}}],"collection":[{"href":"https:\/\/www.festivals.be\/festivals-belgique\/wp-json\/wp\/v2\/pages"}],"about":[{"href":"https:\/\/www.festivals.be\/festivals-belgique\/wp-json\/wp\/v2\/types\/page"}],"author":[{"embeddable":true,"href":"https:\/\/www.festivals.be\/festivals-belgique\/wp-json\/wp\/v2\/users\/1"}],"replies":[{"embeddable":true,"href":"https:\/\/www.festivals.be\/festivals-belgique\/wp-json\/wp\/v2\/comments?post=22"}],"version-history":[{"count":1,"href":"https:\/\/www.festivals.be\/festivals-belgique\/wp-json\/wp\/v2\/pages\/22\/revisions"}],"predecessor-version":[{"id":23,"href":"https:\/\/www.festivals.be\/festivals-belgique\/wp-json\/wp\/v2\/pages\/22\/revisions\/23"}],"up":[{"embeddable":true,"href":"https:\/\/www.festivals.be\/festivals-belgique\/wp-json\/wp\/v2\/pages\/13"}],"wp:attachment":[{"href":"https:\/\/www.festivals.be\/festivals-belgique\/wp-json\/wp\/v2\/media?parent=22"}],"curies":[{"name":"wp","href":"https:\/\/api.w.org\/{rel}","templated":true}]}}