{"id":562,"date":"2017-08-22T18:05:36","date_gmt":"2017-08-22T16:05:36","guid":{"rendered":"http:\/\/www.festivals.be\/festivals-belgique\/?page_id=562"},"modified":"2017-08-22T18:06:09","modified_gmt":"2017-08-22T16:06:09","slug":"brussels-beer-fest","status":"publish","type":"page","link":"https:\/\/www.festivals.be\/festivals-belgique\/festivals\/gastronomie\/brussels-beer-fest\/","title":{"rendered":"Brussels Beer Fest"},"content":{"rendered":"<h2>La f\u00eate de la bi\u00e8re &#8230; dans la capitale de la bi\u00e8re !<\/h2>\n<p>Site internet : <a href=\"http:\/\/www.bxlbeerfest.com\/\">Brussels Beer Fest<\/a><\/p>\n<h6>Envergure internationale<\/h6>\n<p align=\"justify\">BXLBeerFest a des ambitions internationales, tant au niveau des brasseries invit\u00e9es que du public vis\u00e9. Les passionn\u00e9s de bi\u00e8res des 4 coins du monde sont convi\u00e9s \u00e0 venir d\u00e9couvrir une large s\u00e9lection de bi\u00e8res bruxelloises, belges et \u00e9trang\u00e8res (50 brasseries issues de 10 pays diff\u00e9rents). Parce que la bi\u00e8re n\u2019a pas de fronti\u00e8re !<\/p>\n<h6>Des bi\u00e8res honn\u00eates et vraies<\/h6>\n<p align=\"justify\">Nous n\u2019avons s\u00e9lectionn\u00e9 que des \u200bbrasseries ind\u00e9pendantes proposant des \u200bbi\u00e8res artisanales de qualit\u00e9. Ce qui ne g\u00e2che rien, ce sont tous des amis. Nous voulons cr\u00e9er un carrefour o\u00f9 toutes ces personnes peuvent se rencontrer. Au \u200bBXLBeerFest,\u200b il n\u2019y a pas de place pour les bi\u00e8res industrielles mais pour des bi\u00e8res honn\u00eates et vraies, en provenance directe du brasseur.<\/p>\n<h6>Sante\u00ef !<\/h6>\n<p align=\"justify\">L\u2019accent sera mis sur \u200bl\u2019accueil,\u200b \u200ble service, la convivialit\u00e9 et la bonne humeur.\u200b Notre objectif est de fixer de nouveaux standards en la mati\u00e8re, parce que les bonnes bi\u00e8res m\u00e9ritent toute votre attention. Servies avec professionnalisme, vous pourrez les appr\u00e9cier dans une atmosph\u00e8re d\u00e9contract\u00e9e, comme on sait le faire \u00e0 Bruxelles.<\/p>\n<h6>Recentr\u00e9 sur la gastronomie<\/h6>\n<p align=\"justify\">De la bi\u00e8re, mais pas seulement&#8230; Bi\u00e8re et bonne cuisine vont de pair, comme le malt et le houblon en quelque sorte. Non contents de proposer une offre culinaire de qualit\u00e9 et authentique, notre volont\u00e9 est d\u2019aborder la bi\u00e8re comme un \u200bproduit gastronomique en la pla\u00e7ant au coeur de recettes originales con\u00e7ues par de grands chefs.<\/p>\n","protected":false},"excerpt":{"rendered":"<p>La f\u00eate de la bi\u00e8re &#8230; dans la capitale de la bi\u00e8re ! Site internet : Brussels Beer Fest Envergure internationale BXLBeerFest a des ambitions internationales, tant au niveau des &hellip; <a href=\"https:\/\/www.festivals.be\/festivals-belgique\/festivals\/gastronomie\/brussels-beer-fest\/\" class=\"more-link\">Continuer la lecture<span class=\"screen-reader-text\"> de &laquo;&nbsp;Brussels Beer Fest&nbsp;&raquo;<\/span><\/a><\/p>\n","protected":false},"author":1,"featured_media":0,"parent":24,"menu_order":0,"comment_status":"closed","ping_status":"closed","template":"","meta":{"jetpack_post_was_ever_published":false,"footnotes":""},"class_list":["post-562","page","type-page","status-publish","hentry"],"aioseo_notices":[],"jetpack_sharing_enabled":true,"jetpack_shortlink":"https:\/\/wp.me\/P7Iv6j-94","jetpack_likes_enabled":true,"jetpack-related-posts":[{"id":129,"url":"https:\/\/www.festivals.be\/festivals-belgique\/festivals\/musique\/rock-et-divers\/dour-festival\/","url_meta":{"origin":562,"position":0},"title":"Dour festival","author":"Admin","date":"18 ao\u00fbt 2016","format":false,"excerpt":"Le festival des d\u00e9couvertes ! Voil\u00e0 comment Dour se positionne dans la famille des festivals belges. C'est une institution. Une affiche faisant le tour des musiques \u00e0 360 degr\u00e9s, on y trouve de tout ... sauf des stars plan\u00e9taires. Incontestablement le meilleur endroit en Belgique pour d\u00e9couvrir de nouveaux sons,\u2026","rel":"","context":"Article similaire","block_context":{"text":"Article similaire","link":""},"img":{"alt_text":"Dour festival","src":"https:\/\/i0.wp.com\/www.festivals.be\/festivals-belgique\/wp-content\/uploads\/2017\/03\/Dour-300x200.jpg?resize=350%2C200","width":350,"height":200},"classes":[]},{"id":13,"url":"https:\/\/www.festivals.be\/festivals-belgique\/festivals\/","url_meta":{"origin":562,"position":1},"title":"Festivals","author":"Admin","date":"13 juillet 2016","format":false,"excerpt":"Tous les festivals en Belgique. Agenda des festivals en Belgique Senneffe\u00a0 Waterlol\u00a0 Rock system\u00a0 Un festival\u00a0 Belzik\u00a0 Listen\u00a0 La smalla\u00a0 Avril en ville\u00a0 Confluent jazz festival\u00a0 Forest Sounds\u00a0 Kikk\u00a0 Into the blue\u00a0 Vibrations \u00e0 Malmedy Le refuge\u00a0 Fiestacity verviers\u00a0 Brdcst - broadcast \u00e0 l' Ancienne Belgique\u00a0 Le jour le plus\u2026","rel":"","context":"Article similaire","block_context":{"text":"Article similaire","link":""},"img":{"alt_text":"","src":"","width":0,"height":0},"classes":[]},{"id":489,"url":"https:\/\/www.festivals.be\/festivals-belgique\/festivals\/musique\/classique\/brussels-international-guitar-festival\/","url_meta":{"origin":562,"position":2},"title":"Brussels International Guitar Festival","author":"Admin","date":"27 avril 2017","format":false,"excerpt":"Le Festival Internation de Guitare de Bruxelles a vu le jour en 2012. Il vous pr\u00e9sente tout simplement la guitare dans tous ses \u00e9tats.","rel":"","context":"Article similaire","block_context":{"text":"Article similaire","link":""},"img":{"alt_text":"","src":"","width":0,"height":0},"classes":[]},{"id":132,"url":"https:\/\/www.festivals.be\/festivals-belgique\/festivals\/musique\/rock-et-divers\/brussels-summer-festival\/","url_meta":{"origin":562,"position":3},"title":"Brussels Summer Festival","author":"Admin","date":"18 ao\u00fbt 2016","format":false,"excerpt":"Le Brussels Summer Festival, aussi connu sous le nom de \"BSF\" est le festival grand-public par excellence. De grand noms, de toutes les sc\u00e8nes, belges, fran\u00e7aises et internationales, ... se succ\u00e8dent pendant 10 jours dans diff\u00e9rents lieux de la capitale.","rel":"","context":"Article similaire","block_context":{"text":"Article similaire","link":""},"img":{"alt_text":"","src":"","width":0,"height":0},"classes":[]},{"id":153,"url":"https:\/\/www.festivals.be\/festivals-belgique\/festivals\/gastronomie\/eat-brussels\/","url_meta":{"origin":562,"position":4},"title":"Eat! Brussels","author":"Admin","date":"5 septembre 2016","format":false,"excerpt":"Traditionnellement organis\u00e9 durant le mois de septembre dans le Parc Royal de Bruxelles, face au palais, le food festival Eat! est un concept unique qui permet aux amateurs de d\u00e9couvrir une multitude de go\u00fbts dans une ambiance festive. Le festival existe depuis 2012. L'id\u00e9e du festival culinaire Eat! : des\u2026","rel":"","context":"Article similaire","block_context":{"text":"Article similaire","link":""},"img":{"alt_text":"","src":"","width":0,"height":0},"classes":[]},{"id":369,"url":"https:\/\/www.festivals.be\/festivals-belgique\/festivals\/musique\/jazz\/brussels-jazz-marathon\/","url_meta":{"origin":562,"position":5},"title":"Brussels Jazz Marathon","author":"Admin","date":"6 mars 2017","format":false,"excerpt":"Le Jazz Marathon de Bruxelles c'est depuis plus de 20 ans un rendez-vous incroyable qui plonge notre capitale dans une ambiance jazzy, des plus grandes places de la ville aux plus petits clubs et bars : plus de 150 concerts et plus de 450 groupes se succ\u00e8dent durant 3 jours.\u2026","rel":"","context":"Article similaire","block_context":{"text":"Article similaire","link":""},"img":{"alt_text":"Jazz Marathon","src":"https:\/\/i0.wp.com\/www.festivals.be\/festivals-belgique\/wp-content\/uploads\/2017\/03\/bjm16.generiek-218x300.png?resize=350%2C200","width":350,"height":200},"classes":[]}],"_links":{"self":[{"href":"https:\/\/www.festivals.be\/festivals-belgique\/wp-json\/wp\/v2\/pages\/562","targetHints":{"allow":["GET"]}}],"collection":[{"href":"https:\/\/www.festivals.be\/festivals-belgique\/wp-json\/wp\/v2\/pages"}],"about":[{"href":"https:\/\/www.festivals.be\/festivals-belgique\/wp-json\/wp\/v2\/types\/page"}],"author":[{"embeddable":true,"href":"https:\/\/www.festivals.be\/festivals-belgique\/wp-json\/wp\/v2\/users\/1"}],"replies":[{"embeddable":true,"href":"https:\/\/www.festivals.be\/festivals-belgique\/wp-json\/wp\/v2\/comments?post=562"}],"version-history":[{"count":2,"href":"https:\/\/www.festivals.be\/festivals-belgique\/wp-json\/wp\/v2\/pages\/562\/revisions"}],"predecessor-version":[{"id":564,"href":"https:\/\/www.festivals.be\/festivals-belgique\/wp-json\/wp\/v2\/pages\/562\/revisions\/564"}],"up":[{"embeddable":true,"href":"https:\/\/www.festivals.be\/festivals-belgique\/wp-json\/wp\/v2\/pages\/24"}],"wp:attachment":[{"href":"https:\/\/www.festivals.be\/festivals-belgique\/wp-json\/wp\/v2\/media?parent=562"}],"curies":[{"name":"wp","href":"https:\/\/api.w.org\/{rel}","templated":true}]}}